{"id":3074,"date":"2024-06-06T09:50:11","date_gmt":"2024-06-06T07:50:11","guid":{"rendered":"https:\/\/new3.sclerodermie.ch\/die-krankheit\/invalidenversicherung-iv\/"},"modified":"2024-10-27T10:47:10","modified_gmt":"2024-10-27T09:47:10","slug":"invalidenversicherung-iv","status":"publish","type":"page","link":"https:\/\/www.sclerodermie.ch\/de\/die-krankheit\/invalidenversicherung-iv\/","title":{"rendered":"Invalidenversicherung (IV)"},"content":{"rendered":"\n<div class=\"wp-block-citadela-blocks-custom-container citadela-block-custom-container size-wide bg-type-none inside-space-none\"><div class=\"inner-holder\">\r\n        <div \r\n            class=\"citadela-block-page-title align-left\"\r\n                         \r\n        >\r\n            <div class=\"page-title custom\">\r\n                <header class=\"entry-header \" style=\"\">\r\n                    <div class=\"entry-header-wrap\">\r\n\r\n                        <h1 class=\"entry-title\" style=\"\">Invalidenversicherung (IV)<\/h1>                    \r\n                    <\/div>\r\n                <\/header>\r\n            <\/div>\r\n        <\/div>\r\n\r\n        \n\n<div class=\"wp-block-image\">\n<figure class=\"alignright size-citadela_service\"><img loading=\"lazy\" decoding=\"async\" width=\"480\" height=\"360\" src=\"https:\/\/www.sclerodermie.ch\/wp-content\/uploads\/2024\/10\/723925-480x360.jpg\" alt=\"Kalkulator, Berechnung, Versicherung\" class=\"wp-image-3004\" style=\"object-fit:cover\" srcset=\"https:\/\/www.sclerodermie.ch\/wp-content\/uploads\/2024\/10\/723925-480x360.jpg 480w, https:\/\/www.sclerodermie.ch\/wp-content\/uploads\/2024\/10\/723925-300x225.jpg 300w, https:\/\/www.sclerodermie.ch\/wp-content\/uploads\/2024\/10\/723925-1024x768.jpg 1024w, https:\/\/www.sclerodermie.ch\/wp-content\/uploads\/2024\/10\/723925-768x576.jpg 768w, https:\/\/www.sclerodermie.ch\/wp-content\/uploads\/2024\/10\/723925-640x480.jpg 640w, https:\/\/www.sclerodermie.ch\/wp-content\/uploads\/2024\/10\/723925.jpg 1280w\" sizes=\"auto, (max-width: 480px) 100vw, 480px\" \/><\/figure>\n<\/div>\n\n\n<p class=\"has-medium-font-size\">Die Invalidenversicherung (IV) ist eine obligatorische Versicherung mit dem Ziel, den Versicherten mit Eingliederungsmassnahmen oder Geldleistungen die Existenzgrundlage zu sichern, wenn sie invalid werden. Bei der IV sind alle Personen, die in der Schweiz wohnen, und alle Personen, die in der Schweiz erwerbst\u00e4tig sind, obligatorisch versichert. <\/p>\n\n\n\n<p class=\"has-medium-font-size\">Die Invalidit\u00e4t wird durch die IV als eine durch k\u00f6rperlichen, psychischen oder geistigen Gesundheitsschaden verursachte Erwerbsunf\u00e4higkeit bzw. Unf\u00e4higkeit, sich im bisherigen Aufgabenbereich (z.B. im Haushalt) zu bet\u00e4tigen, definiert. Diese Unf\u00e4higkeit muss bleibend sein oder l\u00e4ngere Zeit (mindestens ein Jahr) bestehen. <\/p>\n\n\n\n<p class=\"has-medium-font-size\">Zeichnet sich ab, dass so eine Unf\u00e4higkeit eintritt, kann der Versicherte sich bei der IV-Stelle seines Kantons anmelden. Dazu ist ein entsprechendes Formular auszuf\u00fcllen, das bei den IV-Stellen bezogen werden kann oder auch heruntergeladen werden kann:<br\/>Die Anmeldung soll fr\u00fchzeitig erfolgen, denn eine versp\u00e4tete Anmeldung kann einen Verlust von Leistungen zur Folge haben.  <\/p>\n\n\n\n<p class=\"has-medium-font-size\">Zeichnet sich ab, dass so eine Unf\u00e4higkeit eintritt, kann der Versicherte sich bei der IV-Stelle seines Kantons anmelden. Dazu ist ein entsprechendes Formular auszuf\u00fcllen, das bei den IV-Stellen bezogen werden kann oder auch heruntergeladen werden kann:<br\/>Die Anmeldung soll fr\u00fchzeitig erfolgen, denn eine versp\u00e4tete Anmeldung kann einen Verlust von Leistungen zur Folge haben.  <\/p>\n\n\n\n<p class=\"has-medium-font-size\">Das oberste Ziel der IV ist, die behinderte Person so zu unterst\u00fctzen, dass sie f\u00fcr den Lebensunterhalt ganz oder teilweise selber aufkommen und ein m\u00f6glichst selbstst\u00e4ndiges Leben f\u00fchren kann.<\/p>\n\n\n\n<p class=\"has-medium-font-size\">Dazu bestehen folgende M\u00f6glichkeiten:<\/p>\n\n\n\n<div class=\"wp-block-stackable-icon-list stk-block-icon-list stk-block stk-ce3d14b stk-block-background\" data-block-id=\"ce3d14b\"><style>.stk-ce3d14b ul, .stk-ce3d14b ol{padding-left:10px !important;}.stk-ce3d14b {--stk-icon-height:21px !important;background-color:#ff6a0036 !important;}.stk-ce3d14b .stk-block-icon-list-item__content{align-items:baseline !important;}.stk-ce3d14b ul .stk-block-icon-list-item__content .stk--inner-svg, .stk-ce3d14b ol .stk-block-icon-list-item__content .stk-block-icon-list-item__marker{transform:translateY(0px) !important;}.stk-ce3d14b ul li, .stk-ce3d14b ol li{font-size:20px !important;}.stk-ce3d14b:before{background-color:#ff6a0036 !important;}@media screen and (max-width: 1023px){.stk-ce3d14b ul li, .stk-ce3d14b ol li{font-size:20px !important;}}<\/style><svg style=\"display:none\"><defs><g id=\"stk-icon-list__icon-svg-def-ce3d14b\"><svg xmlns=\"http:\/\/www.w3.org\/2000\/svg\" viewBox=\"0 0 512 512\"><path d=\"M256 48a208 208 0 1 1 0 416 208 208 0 1 1 0-416zm0 464A256 256 0 1 0 256 0a256 256 0 1 0 0 512zM369 209c9.4-9.4 9.4-24.6 0-33.9s-24.6-9.4-33.9 0l-111 111-47-47c-9.4-9.4-24.6-9.4-33.9 0s-9.4 24.6 0 33.9l64 64c9.4 9.4 24.6 9.4 33.9 0L369 209z\"\/><\/svg><\/g><\/defs><\/svg><ul class=\"stk-block-icon-list__ul stk-block-icon-list--column\">\n<li class=\"wp-block-stackable-icon-list-item stk-block-icon-list-item stk-block stk-a7c680f\" data-block-id=\"a7c680f\"><div class=\"stk-block-icon-list-item__content\"><span class=\"stk--svg-wrapper\"><div class=\"stk--inner-svg\"><svg aria-hidden=\"true\" width=\"32\" height=\"32\"><use xlink:href=\"#stk-icon-list__icon-svg-def-ce3d14b\"\/><\/svg><\/div><\/span><span class=\"stk-block-icon-list-item__text\">Massnahmen der Fr\u00fchintervention<\/span><\/div><\/li>\n\n\n\n<li class=\"wp-block-stackable-icon-list-item stk-block-icon-list-item stk-block stk-7f54e99\" data-block-id=\"7f54e99\"><div class=\"stk-block-icon-list-item__content\"><span class=\"stk--svg-wrapper\"><div class=\"stk--inner-svg\"><svg aria-hidden=\"true\" width=\"32\" height=\"32\"><use xlink:href=\"#stk-icon-list__icon-svg-def-ce3d14b\"\/><\/svg><\/div><\/span><span class=\"stk-block-icon-list-item__text\">Eingliederungsmassnahmen (Medizinische Massnahmen, Inte-grationsmassnahmen, berufliche Massnahmen, Hilfsmittel, Taggelder und Reisekostenverg\u00fctung)<\/span><\/div><\/li>\n\n\n\n<li class=\"wp-block-stackable-icon-list-item stk-block-icon-list-item stk-block stk-026acd2\" data-block-id=\"026acd2\"><div class=\"stk-block-icon-list-item__content\"><span class=\"stk--svg-wrapper\"><div class=\"stk--inner-svg\"><svg aria-hidden=\"true\" width=\"32\" height=\"32\"><use xlink:href=\"#stk-icon-list__icon-svg-def-ce3d14b\"\/><\/svg><\/div><\/span><span class=\"stk-block-icon-list-item__text\">Invalidenrenten<\/span><\/div><\/li>\n\n\n\n<li class=\"wp-block-stackable-icon-list-item stk-block-icon-list-item stk-block stk-3ce395c\" data-block-id=\"3ce395c\"><div class=\"stk-block-icon-list-item__content\"><span class=\"stk--svg-wrapper\"><div class=\"stk--inner-svg\"><svg aria-hidden=\"true\" width=\"32\" height=\"32\"><use xlink:href=\"#stk-icon-list__icon-svg-def-ce3d14b\"\/><\/svg><\/div><\/span><span class=\"stk-block-icon-list-item__text\">Hilflosenentsch\u00e4digung<\/span><\/div><\/li>\n\n\n\n<li class=\"wp-block-stackable-icon-list-item stk-block-icon-list-item stk-block stk-6c33677\" data-block-id=\"6c33677\"><div class=\"stk-block-icon-list-item__content\"><span class=\"stk--svg-wrapper\"><div class=\"stk--inner-svg\"><svg aria-hidden=\"true\" width=\"32\" height=\"32\"><use xlink:href=\"#stk-icon-list__icon-svg-def-ce3d14b\"\/><\/svg><\/div><\/span><span class=\"stk-block-icon-list-item__text\">Dabei wird nach dem Grundsatz vorgegangen: Eingliederung vor Rente, d.h. Invalidenrenten werden nur dann gezahlt, wenn Eingliederungsmassnahmen ihr Ziel nicht oder nur teilweise erreichen.<\/span><\/div><\/li>\n<\/ul><\/div>\n\n\n\n<p class=\"has-medium-font-size\">Der Invalidit\u00e4tsgrad wird nach der H\u00f6he der Erwerbseinbusse in Prozent bestimmt.<br\/>Bei Erwerbst\u00e4tigen wird er durch einen Einkommensvergleich ermittelt. Die invalidit\u00e4tsbedingte Erwerbseinbusse ist die Differenz zwischen dem Erwerbseinkommen ohne Gesundheitsschaden und dem Erwerbseinkommen nach dem Gesundheitsschaden (unabh\u00e4ngig davon, ob dieses Einkommen tats\u00e4chlich erzielt wird). Diese Einbusse wird in Prozent ausgedr\u00fcckt. Bei Nichterwerbst\u00e4tigen bestimmt die IV-Stelle den Invalidit\u00e4tsgrad mit einem Bet\u00e4tigungsvergleich. Bei teilweise Erwerbst\u00e4tigen errechnet die IV-Stelle den Invalidit\u00e4tsgrad entsprechend der Behinderung in beiden Bereichen: im Erwerbsleben (Erwerbseinbusse) und im bisherigen Aufgabenbereich (Bet\u00e4tigungsvergleich).    <\/p>\n\n\n\n<figure class=\"wp-block-table is-style-stripes has-medium-font-size\"><table><thead><tr><th><strong>Grad der Invalidit\u00e4t in %. <\/strong><\/th><th>Rente<\/th><\/tr><\/thead><tbody><tr><td>Ab 40 %<\/td><td>Viertelsrente<\/td><\/tr><tr><td>Ab 50 %<\/td><td>Halbe Rente<\/td><\/tr><tr><td>Ab 60%<\/td><td>Dreiviertelsrente<\/td><\/tr><tr><td>Ab 70%<\/td><td>Ganze Rente<\/td><\/tr><\/tbody><\/table><\/figure>\n\n\n\n<p class=\"has-medium-font-size\">Es ist ev. nicht sinnvoll, einen Antrag auf Rente zu stellen, wenn die Erwerbseinbusse weniger als 40% betr\u00e4gt. Es ist aber enorm wichtig, dass man sich eine allf\u00e4llige Arbeitsreduktion, die eine Lohnreduktion zur Folge hat, von einem Arzt mit dem Vermerk \u201eaus gesundheitlichen Gr\u00fcnden\u201c best\u00e4tigen l\u00e4sst. <\/p>\n\n\n\n<p class=\"has-medium-font-size\">Dabei ist zu beachten, dass Arbeitsunf\u00e4higkeit nicht gleich Erwerbs-unf\u00e4higkeit ist.<\/p>\n\n\n\n<p class=\"has-medium-font-size\">Dabei ist zu beachten, dass Arbeitsunf\u00e4higkeit nicht gleich Erwerbs-unf\u00e4higkeit ist. Die Arbeitsunf\u00e4higkeit im bisherigen Beruf oder im bisherigen Aufgabenbereich wird durch den Arzt festgelegt.<br\/>Erwerbsunf\u00e4hig ist, wer aufgrund des Gesundheitsschadens auf dem in Betracht kommenden Arbeitsmarkt keine Erwerbst\u00e4tigkeit mehr aus\u00fcben kann. F\u00fcr die Bemessung des Invalidit\u00e4tsgrads ist ausschliesslich die Erwerbsunf\u00e4higkeit massgebend. Dieser wird von der IV-Stelle festgelegt.  <\/p>\n\n\n\n<p class=\"has-medium-font-size\">Genauso ist es von Bedeutung, dass man sich \u00e4rztlich best\u00e4tigen l\u00e4sst, wenn man seine Arbeitsstelle aus gesundheitlichen Gr\u00fcnden wechselt, besonders wenn man bei der neuen Stelle weniger verdient.<\/p>\n\n\n\n<p class=\"has-medium-font-size\">Denn die IV nimmt f\u00fcr die Berechnung des Invalidit\u00e4tsgrades immer den zuletzt verdienten Lohn als Ausgangspunkt. Wenn man also die Arbeit auf 50% reduziert und damit auch das Einkommen, dann betrachtet die IV diese Reduktion als freiwillig und nimmt den 50% Lohn als Grundlage f\u00fcr die Berechnung. <\/p>\n\n\n\n<p class=\"has-medium-font-size\">Daher sprechen Sie mit Ihrem Arzt, wenn sich aus gesundheitlichen Gr\u00fcnden eine Arbeitsreduktion oder ein Stellenwechsel abzeichnet und suchen Sie bez\u00fcglich dem richtigen Vorgehen Rat bei einer Beratungsstelle.<\/p>\n\n\n\n<p class=\"has-medium-font-size\">Denn, was Sie einmal unterlassen und eine Verf\u00fcgung der IV, aus welchen Gr\u00fcnden auch immer (mangelndes Wissen, keine Energie\u2026), akzeptiert haben, l\u00e4sst sich, falls \u00fcberhaupt, nur noch mit viel Aufwand ver\u00e4ndern.<\/p>\n\n\n\n<p class=\"has-medium-font-size\">Eine Beratung ist meistens kostenlos und kann Ihnen helfen, dass Sie weniger finanzielle Einbussen erleiden.<\/p>\n\n\n\n<p class=\"has-medium-font-size\">Folgende Organisationen bieten Beratungen an:<\/p>\n\n\n\n<figure class=\"wp-block-table is-style-stripes\"><table><tbody><tr><td>Kantonale Rheumaligen<\/td><td><a href=\"https:\/\/www.ligues-rhumatisme.ch\" target=\"_blank\" rel=\"noreferrer noopener nofollow\">https:\/\/www.ligues-rhumatisme.ch<\/a><\/td><\/tr><tr><td>Pro Infirmis<\/td><td><a href=\"https:\/\/www.proinfirmis.ch\/\" target=\"_blank\" rel=\"noreferrer noopener nofollow\">https:\/\/www.proinfirmis.ch\/<\/a><a href=\"https:\/\/www.ligues-rhumatisme.ch\"><\/a><\/td><\/tr><tr><td>Procap<\/td><td><a href=\"https:\/\/www.procap.ch\/\" target=\"_blank\" rel=\"noreferrer noopener nofollow\">https:\/\/www.procap.ch\/<\/a><\/td><\/tr><tr><td>Versicherungen (nur auf Franzosich)<\/td><td><a href=\"https:\/\/www.assurance-info.ch\" target=\"_blank\" rel=\"noreferrer noopener nofollow\">https:\/\/www.assurance-info.ch<\/a><a href=\"https:\/\/www.ligues-rhumatisme.ch\"><\/a><\/td><\/tr><tr><td>AHV<\/td><td><a href=\"https:\/\/www.ahv-iv.ch\" target=\"_blank\" rel=\"noreferrer noopener nofollow\">https:\/\/www.ahv-iv.ch<\/a><a href=\"https:\/\/www.ligues-rhumatisme.ch\"><\/a><\/td><\/tr><tr><td>IV<\/td><td><a href=\"https:\/\/www.ausgleichskasse.ch\/\" target=\"_blank\" rel=\"noreferrer noopener nofollow\">https:\/\/www.ausgleichskasse.ch\/<\/a><\/td><\/tr><tr><td>Sozialdienst im Spital (bei Hospitalisation)<\/td><td>Erkundigen Sie sich beim Spital<\/td><\/tr><\/tbody><\/table><\/figure>\n\n\n\n<div class=\"wp-block-stackable-divider stk-block-divider stk-block stk-44f1ae5\" data-block-id=\"44f1ae5\"><hr class=\"stk-block-divider__hr\"\/><\/div>\n<\/div><\/div>\n\n<div class=\"wp-block-citadela-blocks-custom-container citadela-block-custom-container size-wide bg-type-color inside-space-zero has-bg\" style=\"background-color:rgba(238, 113, 37, 1)\"><div class=\"inner-holder\">\n<div class=\"wp-block-columns alignwide are-vertically-aligned-center has-3-columns has-white-color has-text-color has-link-color wp-elements-232ba89b49a3990389afbc019e1467d3 is-layout-flex wp-container-core-columns-is-layout-9d6595d7 wp-block-columns-is-layout-flex\">\n<div class=\"wp-block-column is-vertically-aligned-center is-layout-flow wp-block-column-is-layout-flow\">\n<div class=\"wp-block-citadela-blocks-service citadela-block-service main-holder layout-box header-type-icon standard\"><div class=\"service-header\"><div class=\"service-icon\"><a href=\"https:\/\/www.sclerodermie.ch\/de\/kontakt\/\" target=\"_blank\" rel=\"noopener noreferrer\"><i class=\"fas fa-at\" style=\"color:#ffffff\"><\/i><\/a><\/div><\/div><div class=\"service-content\"><div class=\"service-content-wrap\"><a href=\"https:\/\/www.sclerodermie.ch\/de\/kontakt\/\" target=\"_blank\" rel=\"noopener noreferrer\"><h3 class=\"service-title\" style=\"color:#ffffff\">SCHREIBEN SIE UNS<\/h3><\/a><p class=\"service-description\" style=\"color:#ffffff\">info@sclerodermie.ch<br>sclerodermie.ch<br>3000 Berne <\/p><\/div><\/div><\/div>\n<\/div>\n\n\n\n<div class=\"wp-block-column is-vertically-aligned-center is-layout-flow wp-block-column-is-layout-flow\">\n<div class=\"wp-block-citadela-blocks-service citadela-block-service main-holder layout-box header-type-icon standard\"><div class=\"service-header\"><div class=\"service-icon\"><i class=\"fas fa-phone\" style=\"color:#ffffff\"><\/i><\/div><\/div><div class=\"service-content\"><div class=\"service-content-wrap\"><h3 class=\"service-title\" style=\"color:#ffffff\">RUFEN SIE UNS AN<\/h3><p class=\"service-description\" style=\"color:#ffffff\"><strong>077 469 75 58 &#8211; Franz\u00f6sisch<br>077 502 18 68 &#8211; Deutsch<br>077 501 67 59 &#8211; Italiano  <\/strong><\/p><\/div><\/div><\/div>\n<\/div>\n\n\n\n<div class=\"wp-block-column is-vertically-aligned-center is-layout-flow wp-block-column-is-layout-flow\">\n<div class=\"wp-block-citadela-blocks-service citadela-block-service main-holder layout-box header-type-icon standard\"><div class=\"service-header\"><div class=\"service-icon\"><i class=\"fas fa-piggy-bank\" style=\"color:#ffffff\"><\/i><\/div><\/div><div class=\"service-content\"><div class=\"service-content-wrap\"><h3 class=\"service-title\" style=\"color:#ffffff\">UNS UNTERST\u00dcTZEN<\/h3><p class=\"service-description\" style=\"color:#ffffff\">Postkonto: 12-864923-6 CHF<br>BIC-Code: POFICHBEXXXX<br>IBAN : CH47 0900 0000 1286 4923 6<\/p><\/div><\/div><\/div>\n<\/div>\n<\/div>\n<\/div><\/div>\n","protected":false},"excerpt":{"rendered":"","protected":false},"author":1,"featured_media":0,"parent":2546,"menu_order":3,"comment_status":"closed","ping_status":"closed","template":"","meta":{"_citadela_hide_page_title":"1","_citadela_remove_header_space":"1","_citadela_custom_class":"","_citadela_half_map_provider":"","_citadela_half_map_theme":"","_citadela_half_map_themeOSM":"","_citadela_half_map_customTheme":"","_citadela_half_map_dataType":"","_citadela_half_map_dynamicTrack":false,"_citadela_half_map_trackColor":"","_citadela_half_map_trackEndpointsColor":"","_citadela_half_map_filterCategory":"","_citadela_half_map_filterLocation":"","_citadela_half_map_filterFeatured":false,"_citadela_half_map_noDataBehavior":"empty-map","_citadela_half_map_noDataText":"","_citadela_half_map_clusterGridSize":80,"_citadela_header":false,"_citadela_header_over_content":false,"_citadela_header_text_color":"","_citadela_header_logo":[],"_citadela_header_bg_image":[],"_citadela_header_bg_position":{"x":0.5,"y":0.5},"_citadela_header_bg_size":"cover","_citadela_header_bg_repeat":"no-repeat","_citadela_header_bg_fixed":false,"_citadela_header_bg_color":"","_citadela_header_bg_image_overlay":"","_citadela_header_transparent_bg":false,"_citadela_content_width":"","_citadela_half_layout_position":"","footnotes":""},"class_list":["post-3074","page","type-page","status-publish","hentry"],"_links":{"self":[{"href":"https:\/\/www.sclerodermie.ch\/de\/wp-json\/wp\/v2\/pages\/3074","targetHints":{"allow":["GET"]}}],"collection":[{"href":"https:\/\/www.sclerodermie.ch\/de\/wp-json\/wp\/v2\/pages"}],"about":[{"href":"https:\/\/www.sclerodermie.ch\/de\/wp-json\/wp\/v2\/types\/page"}],"author":[{"embeddable":true,"href":"https:\/\/www.sclerodermie.ch\/de\/wp-json\/wp\/v2\/users\/1"}],"replies":[{"embeddable":true,"href":"https:\/\/www.sclerodermie.ch\/de\/wp-json\/wp\/v2\/comments?post=3074"}],"version-history":[{"count":4,"href":"https:\/\/www.sclerodermie.ch\/de\/wp-json\/wp\/v2\/pages\/3074\/revisions"}],"predecessor-version":[{"id":3086,"href":"https:\/\/www.sclerodermie.ch\/de\/wp-json\/wp\/v2\/pages\/3074\/revisions\/3086"}],"up":[{"embeddable":true,"href":"https:\/\/www.sclerodermie.ch\/de\/wp-json\/wp\/v2\/pages\/2546"}],"wp:attachment":[{"href":"https:\/\/www.sclerodermie.ch\/de\/wp-json\/wp\/v2\/media?parent=3074"}],"curies":[{"name":"wp","href":"https:\/\/api.w.org\/{rel}","templated":true}]}}